{"id":274,"date":"2017-02-10T11:17:39","date_gmt":"2017-02-10T10:17:39","guid":{"rendered":"https:\/\/pubweb.carnet.hr\/hsd\/?page_id=274"},"modified":"2017-02-10T11:17:39","modified_gmt":"2017-02-10T10:17:39","slug":"izvjestaj-o-strucnim-aktivnostima-sekcije-za-sociologiju-prostora-organiziranima-u-zadru-26-i-27-listopada-2012-godine","status":"publish","type":"page","link":"https:\/\/hsd.hr\/en\/sekcije\/sekcija-za-sociologiju-prostora\/izvjestaj-o-strucnim-aktivnostima-sekcije-za-sociologiju-prostora-organiziranima-u-zadru-26-i-27-listopada-2012-godine\/","title":{"rendered":"Izvje\u0161taj o stru\u010dnim aktivnostima Sekcije za sociologiju prostora organiziranima u Zadru 26. i 27. listopada 2012. godine"},"content":{"rendered":"<p>Sekcija za sociologiju prostora u suradnji s Odjelom za sociologiju Sveu\u010dili\u0161ta u Zadru organizirala je stru\u010dni skup pod nazivom \u201eRazvojne perspektive u posttranzicijskom kontekstu: primjer Zadra&#8221;, koji je odr\u017ean 26. i 27. listopada 2012. godine. Studijski posjet Zadru okupio je \u010dlanove\/ice Sekcije (Mirko Petri\u0107, \u017deljka Tonkovi\u0107, Jelena Zlatar, Kruno Kardov, Anita Bu\u0161ljeta), manji broj stru\u010dnjaka\/inja iz drugih podru\u010dja (arhitektura i urbanizam, povijest umjetnosti, turizam) te \u010dlanove\/ice zadarskog Odjela za sociologiju koji su sudjelovali na okruglim stolovima i zajedni\u010dkim raspravama u sklopu programa skupa.<\/p>\n<p>Skup je otvoren predavanjem zadarske povjesni\u010darke umjetnosti Antonije Mlikote o izmjenama u povijesnoj jezgri nakon bombardiranja u Drugom svjetskom ratu. Nakon predavanja uslijedio je zajedni\u010dki obilazak pojedinih lokacija koje i danas svjedo\u010de o prostornim diskontinuitetima unutar povijesne jezgre kao posljedicama obnove grada. Prvi dan skupa zavr\u0161en je posjetom izlo\u017ebi \u201eNedovr\u0161ene modernizacije izme\u0111u utopije i pragmatizma&#8221; u Kne\u017eevoj pala\u010di.<\/p>\n<p>Drugog dana skupa, u subotu, 27. listopada, organiziran je obilazak razli\u010ditih dijelova grada, uz stru\u010dno vodstvo povjesni\u010darke umjetnosti Antonije Mlikote i zadarskog arhitekta i urbanista Pavla Maru\u0161i\u0107a. Kako bi se stekao uvid u razli\u010dite faze razvoja grada, obilazak je uklju\u010dio nekoliko gradskih cjelina (Arbanasi, Karma, Kolovare, Stanovi, Bili Brig, Vi\u0161njik, prostor Novog kampusa zadarskog Sveu\u010dili\u0161ta).<\/p>\n<p>U sklopu drugog dana skupa odr\u017eana su i dva okrugla stola. Na okruglom stolu \u201eUpravljanje razvojnim promjenama&#8221; Sven Marceli\u0107 (Odjel za sociologiju) izlagao je na temu aktivnosti zadarskog Sveu\u010dili\u0161ta u regionalnom razvoju, Jelena Zlatar (Institut za dru\u0161tvena istra\u017eivanja u Zagrebu) govorila je o ulogama aktera urbanih promjena u planiranju grada, Kruno Kardov (Filozofski fakultet u Zagrebu) odr\u017eao je izlaganje o problemima konverzije vojnih nekretnina u Hrvatskoj, dok je Atana Grbi\u0107 iz udruge Eko-Zadar sudionike skupa upoznala s nekoliko primjera komercijalizacije i otimanja javnog prostora u Zadru. Okrugli stol moderirala je \u017deljka Tonkovi\u0107. Stru\u010dni skup zatvoren je okruglim stolom \u201eTurizam u Zadru: odr\u017eivi\/urbani\/kulturni&#8221;, na kojem su govorili Vinko Bakija s Odjela za turizam i komunikacijske znanosti te Mirko Petri\u0107 i \u017deljka Tonkovi\u0107 s Odjela za sociologiju, uz moderiranje Svena Marceli\u0107a.<\/p>\n<div id='gallery-1' class='gallery galleryid-274 gallery-columns-3 gallery-size-thumbnail'><figure class='gallery-item'>\n\t\t\t<div class='gallery-icon landscape'>\n\t\t\t\t<a href='https:\/\/hsd.hr\/wp-content\/uploads\/2017\/02\/1-Predavanje-o-promjenama-u-povijesnoj-jezgri-nakon-Drugog-svjetskog-rata.jpg'><img decoding=\"async\" width=\"150\" height=\"150\" src=\"https:\/\/hsd.hr\/wp-content\/uploads\/2017\/02\/1-Predavanje-o-promjenama-u-povijesnoj-jezgri-nakon-Drugog-svjetskog-rata-150x150.jpg\" class=\"attachment-thumbnail size-thumbnail\" alt=\"\" aria-describedby=\"gallery-1-266\" \/><\/a>\n\t\t\t<\/div>\n\t\t\t\t<figcaption class='wp-caption-text gallery-caption' id='gallery-1-266'>\n\t\t\t\tPredavanje o promjenama u povijesnoj jezgri nakon Drugog svjetskog rata\n\t\t\t\t<\/figcaption><\/figure><figure class='gallery-item'>\n\t\t\t<div class='gallery-icon landscape'>\n\t\t\t\t<a href='https:\/\/hsd.hr\/wp-content\/uploads\/2017\/02\/2-Primjer-prostornih-diskontinuiteta-u-povijesnoj-jezgri-Zadra.jpg'><img decoding=\"async\" width=\"150\" height=\"150\" src=\"https:\/\/hsd.hr\/wp-content\/uploads\/2017\/02\/2-Primjer-prostornih-diskontinuiteta-u-povijesnoj-jezgri-Zadra-150x150.jpg\" class=\"attachment-thumbnail size-thumbnail\" alt=\"\" aria-describedby=\"gallery-1-267\" \/><\/a>\n\t\t\t<\/div>\n\t\t\t\t<figcaption class='wp-caption-text gallery-caption' id='gallery-1-267'>\n\t\t\t\tPrimjer prostornih diskontinuiteta u povijesnoj jezgri Zadra\n\t\t\t\t<\/figcaption><\/figure><figure class='gallery-item'>\n\t\t\t<div class='gallery-icon landscape'>\n\t\t\t\t<a href='https:\/\/hsd.hr\/wp-content\/uploads\/2017\/02\/3-Dio-zadarskog-Foruma.jpg'><img decoding=\"async\" width=\"150\" height=\"150\" src=\"https:\/\/hsd.hr\/wp-content\/uploads\/2017\/02\/3-Dio-zadarskog-Foruma-150x150.jpg\" class=\"attachment-thumbnail size-thumbnail\" alt=\"\" aria-describedby=\"gallery-1-268\" \/><\/a>\n\t\t\t<\/div>\n\t\t\t\t<figcaption class='wp-caption-text gallery-caption' id='gallery-1-268'>\n\t\t\t\tDio zadarskog Foruma\n\t\t\t\t<\/figcaption><\/figure><figure class='gallery-item'>\n\t\t\t<div class='gallery-icon landscape'>\n\t\t\t\t<a href='https:\/\/hsd.hr\/wp-content\/uploads\/2017\/02\/4-Posjet-prostoru-Novog-kampusa-Sveucilista-u-Zadru.jpg'><img loading=\"lazy\" decoding=\"async\" width=\"150\" height=\"150\" src=\"https:\/\/hsd.hr\/wp-content\/uploads\/2017\/02\/4-Posjet-prostoru-Novog-kampusa-Sveucilista-u-Zadru-150x150.jpg\" class=\"attachment-thumbnail size-thumbnail\" alt=\"\" aria-describedby=\"gallery-1-269\" \/><\/a>\n\t\t\t<\/div>\n\t\t\t\t<figcaption class='wp-caption-text gallery-caption' id='gallery-1-269'>\n\t\t\t\tPosjet prostoru Novog kampusa Sveu\u010dili\u0161ta u Zadru\n\t\t\t\t<\/figcaption><\/figure><figure class='gallery-item'>\n\t\t\t<div class='gallery-icon landscape'>\n\t\t\t\t<a href='https:\/\/hsd.hr\/wp-content\/uploads\/2017\/02\/5-Panorama-Zadra.jpg'><img loading=\"lazy\" decoding=\"async\" width=\"150\" height=\"150\" src=\"https:\/\/hsd.hr\/wp-content\/uploads\/2017\/02\/5-Panorama-Zadra-150x150.jpg\" class=\"attachment-thumbnail size-thumbnail\" alt=\"\" aria-describedby=\"gallery-1-270\" \/><\/a>\n\t\t\t<\/div>\n\t\t\t\t<figcaption class='wp-caption-text gallery-caption' id='gallery-1-270'>\n\t\t\t\tPanorama Zadra\n\t\t\t\t<\/figcaption><\/figure><figure class='gallery-item'>\n\t\t\t<div class='gallery-icon landscape'>\n\t\t\t\t<a href='https:\/\/hsd.hr\/wp-content\/uploads\/2017\/02\/6-Posjet-Arbanasima-uz-strucno-vodstvo-arhitekta-Pavla-Marusica.jpg'><img loading=\"lazy\" decoding=\"async\" width=\"150\" height=\"150\" src=\"https:\/\/hsd.hr\/wp-content\/uploads\/2017\/02\/6-Posjet-Arbanasima-uz-strucno-vodstvo-arhitekta-Pavla-Marusica-150x150.jpg\" class=\"attachment-thumbnail size-thumbnail\" alt=\"\" aria-describedby=\"gallery-1-271\" \/><\/a>\n\t\t\t<\/div>\n\t\t\t\t<figcaption class='wp-caption-text gallery-caption' id='gallery-1-271'>\n\t\t\t\tPosjet Arbanasima uz stru_no vodstvo arhitekta Pavla Maru\u0161i\u0107a\n\t\t\t\t<\/figcaption><\/figure><figure class='gallery-item'>\n\t\t\t<div class='gallery-icon landscape'>\n\t\t\t\t<a href='https:\/\/hsd.hr\/wp-content\/uploads\/2017\/02\/7-Naselje-Arbanasi.jpg'><img loading=\"lazy\" decoding=\"async\" width=\"150\" height=\"150\" src=\"https:\/\/hsd.hr\/wp-content\/uploads\/2017\/02\/7-Naselje-Arbanasi-150x150.jpg\" class=\"attachment-thumbnail size-thumbnail\" alt=\"\" aria-describedby=\"gallery-1-272\" \/><\/a>\n\t\t\t<\/div>\n\t\t\t\t<figcaption class='wp-caption-text gallery-caption' id='gallery-1-272'>\n\t\t\t\tNaselje Arbanasi\n\t\t\t\t<\/figcaption><\/figure><figure class='gallery-item'>\n\t\t\t<div class='gallery-icon landscape'>\n\t\t\t\t<a href='https:\/\/hsd.hr\/wp-content\/uploads\/2017\/02\/8-Unutar-skupa-organizirana-su-dva-okrugla-stola.jpg'><img loading=\"lazy\" decoding=\"async\" width=\"150\" height=\"150\" src=\"https:\/\/hsd.hr\/wp-content\/uploads\/2017\/02\/8-Unutar-skupa-organizirana-su-dva-okrugla-stola-150x150.jpg\" class=\"attachment-thumbnail size-thumbnail\" alt=\"\" aria-describedby=\"gallery-1-273\" \/><\/a>\n\t\t\t<\/div>\n\t\t\t\t<figcaption class='wp-caption-text gallery-caption' id='gallery-1-273'>\n\t\t\t\tUnutar skupa organizirana su dva okrugla stola\n\t\t\t\t<\/figcaption><\/figure>\n\t\t<\/div>","protected":false},"excerpt":{"rendered":"<p>Sekcija za sociologiju prostora u suradnji s Odjelom za sociologiju Sveu\u010dili\u0161ta u Zadru organizirala je stru\u010dni skup pod nazivom \u201eRazvojne perspektive u posttranzicijskom kontekstu: primjer Zadra&#8221;, koji je odr\u017ean 26. i 27. listopada 2012. godine. Studijski posjet Zadru okupio je \u010dlanove\/ice Sekcije (Mirko Petri\u0107, \u017deljka Tonkovi\u0107, Jelena Zlatar, Kruno Kardov, Anita Bu\u0161ljeta), manji broj stru\u010dnjaka\/inja &hellip;<\/p>\n<p class=\"read-more\"> <a class=\"\" href=\"https:\/\/hsd.hr\/en\/sekcije\/sekcija-za-sociologiju-prostora\/izvjestaj-o-strucnim-aktivnostima-sekcije-za-sociologiju-prostora-organiziranima-u-zadru-26-i-27-listopada-2012-godine\/\"> <span class=\"screen-reader-text\">Izvje\u0161taj o stru\u010dnim aktivnostima Sekcije za sociologiju prostora organiziranima u Zadru 26. i 27. listopada 2012. godine<\/span> Read More &raquo;<\/a><\/p>","protected":false},"author":1,"featured_media":0,"parent":226,"menu_order":0,"comment_status":"closed","ping_status":"closed","template":"","meta":{"site-sidebar-layout":"default","site-content-layout":"","ast-site-content-layout":"","site-content-style":"default","site-sidebar-style":"default","ast-global-header-display":"","ast-banner-title-visibility":"","ast-main-header-display":"","ast-hfb-above-header-display":"","ast-hfb-below-header-display":"","ast-hfb-mobile-header-display":"","site-post-title":"","ast-breadcrumbs-content":"","ast-featured-img":"","footer-sml-layout":"","theme-transparent-header-meta":"","adv-header-id-meta":"","stick-header-meta":"","header-above-stick-meta":"","header-main-stick-meta":"","header-below-stick-meta":"","astra-migrate-meta-layouts":"","ast-page-background-enabled":"default","ast-page-background-meta":{"desktop":{"background-color":"var(--ast-global-color-4)","background-image":"","background-repeat":"repeat","background-position":"center center","background-size":"auto","background-attachment":"scroll","background-type":"","background-media":"","overlay-type":"","overlay-color":"","overlay-gradient":""},"tablet":{"background-color":"","background-image":"","background-repeat":"repeat","background-position":"center center","background-size":"auto","background-attachment":"scroll","background-type":"","background-media":"","overlay-type":"","overlay-color":"","overlay-gradient":""},"mobile":{"background-color":"","background-image":"","background-repeat":"repeat","background-position":"center center","background-size":"auto","background-attachment":"scroll","background-type":"","background-media":"","overlay-type":"","overlay-color":"","overlay-gradient":""}},"ast-content-background-meta":{"desktop":{"background-color":"var(--ast-global-color-5)","background-image":"","background-repeat":"repeat","background-position":"center center","background-size":"auto","background-attachment":"scroll","background-type":"","background-media":"","overlay-type":"","overlay-color":"","overlay-gradient":""},"tablet":{"background-color":"var(--ast-global-color-5)","background-image":"","background-repeat":"repeat","background-position":"center center","background-size":"auto","background-attachment":"scroll","background-type":"","background-media":"","overlay-type":"","overlay-color":"","overlay-gradient":""},"mobile":{"background-color":"var(--ast-global-color-5)","background-image":"","background-repeat":"repeat","background-position":"center center","background-size":"auto","background-attachment":"scroll","background-type":"","background-media":"","overlay-type":"","overlay-color":"","overlay-gradient":""}},"footnotes":""},"class_list":["post-274","page","type-page","status-publish","hentry"],"_links":{"self":[{"href":"https:\/\/hsd.hr\/en\/wp-json\/wp\/v2\/pages\/274","targetHints":{"allow":["GET"]}}],"collection":[{"href":"https:\/\/hsd.hr\/en\/wp-json\/wp\/v2\/pages"}],"about":[{"href":"https:\/\/hsd.hr\/en\/wp-json\/wp\/v2\/types\/page"}],"author":[{"embeddable":true,"href":"https:\/\/hsd.hr\/en\/wp-json\/wp\/v2\/users\/1"}],"replies":[{"embeddable":true,"href":"https:\/\/hsd.hr\/en\/wp-json\/wp\/v2\/comments?post=274"}],"version-history":[{"count":0,"href":"https:\/\/hsd.hr\/en\/wp-json\/wp\/v2\/pages\/274\/revisions"}],"up":[{"embeddable":true,"href":"https:\/\/hsd.hr\/en\/wp-json\/wp\/v2\/pages\/226"}],"wp:attachment":[{"href":"https:\/\/hsd.hr\/en\/wp-json\/wp\/v2\/media?parent=274"}],"curies":[{"name":"wp","href":"https:\/\/api.w.org\/{rel}","templated":true}]}}